{"id":717,"date":"2026-08-20T13:22:11","date_gmt":"2026-08-20T11:22:11","guid":{"rendered":"https:\/\/notablu.nubedev.es\/privacy-policy\/"},"modified":"2026-09-02T13:32:48","modified_gmt":"2026-09-02T11:32:48","slug":"privacy-policy","status":"publish","type":"page","link":"https:\/\/notablu.com\/fr\/privacy-policy\/","title":{"rendered":"Politique de confidentialit\u00e9"},"content":{"rendered":"<section class=\"container mx-auto px-5 sm:px-10 flex flex-col lg:flex-row items-center justify-between lg:gap-0 sm:gap-20 gap-10 relative py-10 overflow-hidden md:overflow-visible\">\n    <div class=\"relative z-10 w-full lg:w-1\/3 flex items-center lg:items-start justify-center gap-1\">\n        \n                <h1 class=\"flex flex-col items-center lg:items-start justify-center gap-1 text-azul uppercase lg:pr-10\">\n                            <span class=\"text-xl sm:text-2xl xl:text-3xl 2xl:text-4xl font-caslon tracking-wider\">Politique de confidentialit\u00e9<\/span>\n            \n                        <\/h1>\n        \n    <\/div>\n    <div class=\"relative z-10 w-full lg:w-2\/3 flex flex-col items-center lg:items-end justify-center gap-5\">\n                    <\/div>\n    \n    <\/section>\n\n\n<section class=\"container mx-auto px-5 sm:px-10 py-10 flex flex-col gap-10\">\n                        \n            \n            <div class=\"flex flex-col gap-4\">\n                \n                                    \n                    <div\n                        class=\"prose prose-sm max-w-none overflow-x-auto text-azul font-sans leading-loose\n                               prose-headings:font-caslon prose-headings:text-azul\n                               prose-strong:text-current prose-a:text-azul\">\n                        <p class=\"isSelectedEnd\">Le pr\u00e9sent avis juridique vous informe en d\u00e9tail de la mani\u00e8re dont nous collectons et traitons vos donn\u00e9es personnelles dans le cadre de l\u2019utilisation de notre site web <a href=\"https:\/\/notablu.com\/\" data-rich-text-autolink=\"\">https:\/\/notablu.com<\/a>, y compris les informations que vous pouvez nous fournir par l\u2019interm\u00e9diaire du site lorsque vous r\u00e9servez une table ou vous inscrivez \u00e0 notre newsletter.<\/p>\n<p class=\"isSelectedEnd\">En nous fournissant vos donn\u00e9es, nous vous informons que nos services ne sont pas accessibles aux personnes qui, en vertu de la r\u00e9glementation applicable, ne sont pas en mesure de donner leur consentement. Par cons\u00e9quent, lorsque vous nous transmettez un formulaire, vous garantissez disposer de la capacit\u00e9 juridique suffisante pour consentir au traitement de vos donn\u00e9es.<\/p>\n<p>Vous trouverez ci-dessous les informations relatives \u00e0 la politique de protection des donn\u00e9es de Grupo Casanis (vous pouvez consulter la liste des soci\u00e9t\u00e9s \u00e0 l\u2019annexe I).<\/p>\n\n                    <\/div>\n                            <\/div>\n                    \n            \n            <div class=\"flex flex-col gap-4\">\n                                    <h2 class=\"font-caslon text-azul text-2xl sm:text-3xl xl:text-4xl tracking-wide\">\n                        1.Responsable du traitement\n                    <\/h2>\n                \n                                    \n                    <div\n                        class=\"prose prose-sm max-w-none overflow-x-auto text-azul font-sans leading-loose\n                               prose-headings:font-caslon prose-headings:text-azul\n                               prose-strong:text-current prose-a:text-azul\">\n                        <p class=\"isSelectedEnd\">Coordonn\u00e9es du responsable du traitement :<\/p>\n<p class=\"isSelectedEnd\">Grupo Casanis (vous pouvez consulter la liste des soci\u00e9t\u00e9s \u00e0 l\u2019annexe I), dont le si\u00e8ge est situ\u00e9 Avenida Ricardo Soriano 36, Edificio Mar\u00eda III, 1er \u00e9tage, Porte 103, 29601 Marbella, M\u00e1laga, et joignable aux num\u00e9ros suivants : &lt;a href=\u00a0\u00bbtel:+34952900450&Prime;&gt;952900450&lt;\/a&gt; \/ &lt;a href=\u00a0\u00bbtel:+34952770592&Prime;&gt;952770592&lt;\/a&gt;.<\/p>\n<p class=\"isSelectedEnd\">Nous disposons d\u2019un D\u00e9l\u00e9gu\u00e9 \u00e0 la Protection des Donn\u00e9es, que vous pouvez contacter par e-mail \u00e0 l\u2019adresse suivante : &lt;a href=\u00a0\u00bbmailto:dpo@casanisgroup.eu\u00a0\u00bb&gt;<a href=\"mailto:dpo@casanisgroup.eu\">dpo@casanisgroup.eu<\/a>&lt;\/a&gt;<\/p>\n<p class=\"isSelectedEnd\">Grupo Casanis est responsable du traitement de vos donn\u00e9es personnelles (ci-apr\u00e8s \u00ab nous \u00bb, \u00ab notre \u00bb ou \u00ab nos \u00bb).<\/p>\n\n                    <\/div>\n                            <\/div>\n                    \n            \n            <div class=\"flex flex-col gap-4\">\n                                    <h2 class=\"font-caslon text-azul text-2xl sm:text-3xl xl:text-4xl tracking-wide\">\n                        2. Quelles donn\u00e9es collectons-nous ?\n                    <\/h2>\n                \n                                    \n                    <div\n                        class=\"prose prose-sm max-w-none overflow-x-auto text-azul font-sans leading-loose\n                               prose-headings:font-caslon prose-headings:text-azul\n                               prose-strong:text-current prose-a:text-azul\">\n                        <p>Le R\u00e8glement g\u00e9n\u00e9ral sur la protection des donn\u00e9es d\u00e9finit les donn\u00e9es personnelles comme toute information se rapportant \u00e0 une personne physique identifi\u00e9e ou identifiable, c\u2019est-\u00e0-dire toute information permettant d\u2019identifier une personne. Cela n\u2019inclut pas les donn\u00e9es anonymes ni les donn\u00e9es agr\u00e9g\u00e9es exprim\u00e9es sous forme de pourcentages.<\/p>\n<p>Les donn\u00e9es \u00e0 caract\u00e8re personnel susceptibles d\u2019\u00eatre collect\u00e9es directement aupr\u00e8s de la personne concern\u00e9e seront trait\u00e9es de mani\u00e8re confidentielle et int\u00e9gr\u00e9es aux activit\u00e9s de traitement correspondantes dont Grupo Casanis est responsable.<\/p>\n<p>Sur notre site web, nous pouvons traiter certains types de donn\u00e9es personnelles, notamment :<\/p>\n<ul>\n<li>Donn\u00e9es d\u2019identit\u00e9 : pr\u00e9nom et nom.<\/li>\n<li>Donn\u00e9es relatives aux caract\u00e9ristiques personnelles : date de naissance et nationalit\u00e9.<\/li>\n<li>Donn\u00e9es de contact : adresse e-mail, num\u00e9ro de t\u00e9l\u00e9phone et adresse postale.<\/li>\n<\/ul>\n<p>Nous ne collectons aucune donn\u00e9e relevant de cat\u00e9gories particuli\u00e8res de donn\u00e9es personnelles (notamment celles r\u00e9v\u00e9lant votre origine raciale ou ethnique, vos opinions politiques, vos convictions religieuses ou philosophiques, votre appartenance syndicale, des informations relatives \u00e0 votre sant\u00e9, ainsi que des donn\u00e9es g\u00e9n\u00e9tiques ou biom\u00e9triques).<\/p>\n<p>Si nous sommes tenus de collecter certaines donn\u00e9es personnelles en vertu de la loi ou des conditions d\u2019un contrat conclu entre vous et nous et que vous refusez de nous les fournir, il se peut que nous ne soyons pas en mesure de conclure ce contrat ou de fournir le service concern\u00e9. Le cas \u00e9ch\u00e9ant, nous vous en informerons au pr\u00e9alable.<\/p>\n\n                    <\/div>\n                            <\/div>\n                    \n            \n            <div class=\"flex flex-col gap-4\">\n                                    <h2 class=\"font-caslon text-azul text-2xl sm:text-3xl xl:text-4xl tracking-wide\">\n                        3. Comment collectons-nous vos donn\u00e9es personnelles ?\n                    <\/h2>\n                \n                                    \n                    <div\n                        class=\"prose prose-sm max-w-none overflow-x-auto text-azul font-sans leading-loose\n                               prose-headings:font-caslon prose-headings:text-azul\n                               prose-strong:text-current prose-a:text-azul\">\n                        <p>Les moyens que nous utilisons pour collecter des donn\u00e9es personnelles sont les suivants :<\/p>\n<ul>\n<li>Au moyen des formulaires disponibles sur notre site web, de notre adresse e-mail de contact, par t\u00e9l\u00e9phone ou par courrier postal, lorsque :\n<ul>\n<li>Vous demandez des informations sur nos services.<\/li>\n<li>Vous souscrivez \u00e0 nos services.<\/li>\n<li>Vous vous abonnez \u00e0 l&rsquo;une de nos publications. Afin de garantir la qualit\u00e9 de notre portail, nous nous r\u00e9servons le droit de refuser toute demande d&rsquo;inscription ou de suspendre ou d&rsquo;annuler toute inscription pr\u00e9c\u00e9demment accept\u00e9e si nous estimons qu&rsquo;elle ne respecte pas ces exigences ou toute autre loi ou r\u00e9glementation applicable. Si cela se produit, nous nous efforcerons de vous expliquer les raisons de notre d\u00e9cision, sans toutefois pouvoir nous engager \u00e0 le faire dans tous les cas.<\/li>\n<\/ul>\n<\/li>\n<li>Par le biais de technologies ou d&rsquo;interactions automatis\u00e9es : sur notre site web, nous pouvons collecter automatiquement des donn\u00e9es techniques concernant votre \u00e9quipement, vos actions de navigation et vos habitudes d&rsquo;utilisation. Ces donn\u00e9es sont collect\u00e9es au moyen de cookies ou de technologies similaires. Pour plus d&rsquo;informations, veuillez consulter notre politique relative aux cookies <a href=\"https:\/\/notablu.com\/es\/politica-de-cookies\/\">ici<\/a>.<\/li>\n<li>Par l&rsquo;interm\u00e9diaire de tiers :\n<ul>\n<li>Google : donn\u00e9es analytiques ou donn\u00e9es de recherche. En dehors de l&rsquo;Union europ\u00e9enne.<\/li>\n<\/ul>\n<\/li>\n<\/ul>\n\n                    <\/div>\n                            <\/div>\n                    \n            \n            <div class=\"flex flex-col gap-4\">\n                                    <h2 class=\"font-caslon text-azul text-2xl sm:text-3xl xl:text-4xl tracking-wide\">\n                        4. Finalit\u00e9 et base juridique du traitement de vos donn\u00e9es\n                    <\/h2>\n                \n                                    \n                    <div\n                        class=\"prose prose-sm max-w-none overflow-x-auto text-azul font-sans leading-loose\n                               prose-headings:font-caslon prose-headings:text-azul\n                               prose-strong:text-current prose-a:text-azul\">\n                        <p>Les principales finalit\u00e9s pour lesquelles nous utilisons vos donn\u00e9es personnelles sont les suivantes :<\/p>\n<ul>\n<li>Conclure un contrat entre Grupo Casanis et vous.<\/li>\n<li>Lorsque vous avez donn\u00e9 votre consentement au traitement de vos donn\u00e9es.<\/li>\n<li>Lorsque cela est n\u00e9cessaire pour respecter une obligation l\u00e9gale ou r\u00e9glementaire.<\/li>\n<li>Lorsque le traitement est n\u00e9cessaire \u00e0 la poursuite de nos int\u00e9r\u00eats l\u00e9gitimes ou de ceux d&rsquo;un tiers.<\/li>\n<\/ul>\n<p>Vous pouvez retirer votre consentement \u00e0 tout moment en envoyant un e-mail \u00e0 dpo@casanisgroup.eu ou en consultant la section relative \u00e0 l&rsquo;exercice de vos droits ci-dessous. Le tableau ci-dessous pr\u00e9sente les diff\u00e9rentes utilisations de vos donn\u00e9es personnelles, leur base juridique ainsi que les cat\u00e9gories de donn\u00e9es trait\u00e9es. Nous pouvons \u00e9galement traiter certaines donn\u00e9es personnelles sur la base d&rsquo;autres fondements juridiques lorsque cela est applicable. Pour toute information compl\u00e9mentaire, vous pouvez nous contacter \u00e0 l&rsquo;adresse <a href=\"mailto:dpo@casanisgroup.eu\">dpo@casanisgroup.eu<\/a>.<\/p>\n<table>\n<thead>\n<tr>\n<th scope=\"col\">Formulaire<\/th>\n<th scope=\"col\">Finalit\u00e9<\/th>\n<th scope=\"col\">Type de donn\u00e9es<\/th>\n<th scope=\"col\">Base juridique du traitement<\/th>\n<\/tr>\n<\/thead>\n<tbody>\n<tr>\n<td>Salle priv\u00e9e \/ \u00e9v\u00e9nements priv\u00e9s<\/td>\n<td>Gestion des donn\u00e9es fournies afin d&rsquo;envoyer des informations<\/td>\n<td>Pr\u00e9nom, Nom, E-mail, T\u00e9l\u00e9phone<\/td>\n<td>\n<ul>\n<li>Consentement de la personne concern\u00e9e (art. 6.1.a RGPD)<\/li>\n<li>Mesures pr\u00e9contractuelles (art. 6.1.b RGPD)<\/li>\n<li>Le traitement est n\u00e9cessaire aux fins des int\u00e9r\u00eats l\u00e9gitimes poursuivis par le responsable du traitement (art. 6.1.f RGPD)<\/li>\n<\/ul>\n<\/td>\n<\/tr>\n<tr>\n<td>Rejoindre la famille Nota Blu<\/td>\n<td>Gestion des donn\u00e9es fournies pour rejoindre Nota Blu<\/td>\n<td>Pr\u00e9nom, Nom, E-mail, T\u00e9l\u00e9phone, Nationalit\u00e9, Date de naissance, Adresse<\/td>\n<td>\n<ul>\n<li>Consentement de la personne concern\u00e9e (art. 6.1.a RGPD)<\/li>\n<li>Mesures pr\u00e9contractuelles (art. 6.1.b RGPD)<\/li>\n<li>Le traitement est n\u00e9cessaire aux fins des int\u00e9r\u00eats l\u00e9gitimes poursuivis par le responsable du traitement (art. 6.1.f RGPD)<\/li>\n<\/ul>\n<\/td>\n<\/tr>\n<tr>\n<td>R\u00e9server une table<\/td>\n<td>Gestion des r\u00e9servations<\/td>\n<td>Pr\u00e9nom, Nom, E-mail, T\u00e9l\u00e9phone<\/td>\n<td>\n<ul>\n<li>Consentement de la personne concern\u00e9e (art. 6.1.a RGPD)<\/li>\n<li>Traitement n\u00e9cessaire au respect d&rsquo;une obligation l\u00e9gale applicable au responsable du traitement (art. 6.1.c RGPD)<\/li>\n<li>Traitement n\u00e9cessaire \u00e0 l&rsquo;ex\u00e9cution d&rsquo;un contrat auquel la personne concern\u00e9e est partie ou \u00e0 l&rsquo;ex\u00e9cution de mesures pr\u00e9contractuelles prises \u00e0 sa demande (art. 6.1.b RGPD)<\/li>\n<li>Le traitement est n\u00e9cessaire aux fins des int\u00e9r\u00eats l\u00e9gitimes poursuivis par le responsable du traitement (art. 6.1.f RGPD)<\/li>\n<\/ul>\n<\/td>\n<\/tr>\n<\/tbody>\n<\/table>\n<p><strong>Communications commerciales :<\/strong> Vous ne recevrez des communications commerciales que si :<\/p>\n<ul>\n<li>Vous nous avez demand\u00e9 des informations ou avez achet\u00e9 un produit ou un service.<\/li>\n<li>Vous nous avez fourni vos donn\u00e9es en cochant la case pr\u00e9vue \u00e0 cet effet sur notre formulaire.<\/li>\n<li>Vous n&rsquo;avez pas exprim\u00e9 votre souhait de ne plus recevoir ces communications.<\/li>\n<\/ul>\n<p>Nous recueillons votre consentement explicite avant de vous envoyer toute communication commerciale. Vous pouvez \u00e0 tout moment nous demander de cesser de vous en envoyer en \u00e9crivant \u00e0 <a href=\"mailto:dpo@casanisgroup.eu\">dpo@casanisgroup.eu<\/a>.<\/p>\n<p>Si vous choisissez de ne plus recevoir nos communications, vos donn\u00e9es personnelles continueront d&rsquo;\u00eatre conserv\u00e9es lorsque cela est n\u00e9cessaire en raison de la relation contractuelle existante, afin de respecter nos obligations l\u00e9gales.<\/p>\n<p><strong>Finalit\u00e9 :<\/strong> Nous n&rsquo;utiliserons vos donn\u00e9es personnelles qu&rsquo;aux fins pour lesquelles elles ont \u00e9t\u00e9 collect\u00e9es, sauf si nous estimons raisonnablement qu&rsquo;il est n\u00e9cessaire de les utiliser pour une autre finalit\u00e9 compatible. Dans ce cas, nous vous en informerons au pr\u00e9alable en vous indiquant la base juridique de ce nouveau traitement.<\/p>\n\n                    <\/div>\n                            <\/div>\n                    \n            \n            <div class=\"flex flex-col gap-4\">\n                                    <h2 class=\"font-caslon text-azul text-2xl sm:text-3xl xl:text-4xl tracking-wide\">\n                        5. Pendant combien de temps conserverons-nous vos donn\u00e9es ?\n                    <\/h2>\n                \n                                    \n                    <div\n                        class=\"prose prose-sm max-w-none overflow-x-auto text-azul font-sans leading-loose\n                               prose-headings:font-caslon prose-headings:text-azul\n                               prose-strong:text-current prose-a:text-azul\">\n                        <p class=\"isSelectedEnd\">Vos donn\u00e9es seront conserv\u00e9es pendant la dur\u00e9e n\u00e9cessaire \u00e0 la r\u00e9alisation de la finalit\u00e9 pour laquelle elles ont \u00e9t\u00e9 collect\u00e9es et afin de d\u00e9terminer les \u00e9ventuelles responsabilit\u00e9s pouvant d\u00e9couler de cette finalit\u00e9 et du traitement des donn\u00e9es. Les d\u00e9lais de conservation pr\u00e9vus par les diff\u00e9rentes r\u00e9glementations applicables seront respect\u00e9s dans la mesure o\u00f9 ils concernent le pr\u00e9sent traitement.<\/p>\n<p>Donn\u00e9es des abonn\u00e9s par e-mail ou formulaire : \u00e0 compter de l\u2019inscription de l\u2019utilisateur et jusqu\u2019\u00e0 son d\u00e9sabonnement.<\/p>\n\n                    <\/div>\n                            <\/div>\n                    \n            \n            <div class=\"flex flex-col gap-4\">\n                                    <h2 class=\"font-caslon text-azul text-2xl sm:text-3xl xl:text-4xl tracking-wide\">\n                        6. Mineurs\n                    <\/h2>\n                \n                                    \n                    <div\n                        class=\"prose prose-sm max-w-none overflow-x-auto text-azul font-sans leading-loose\n                               prose-headings:font-caslon prose-headings:text-azul\n                               prose-strong:text-current prose-a:text-azul\">\n                        <p class=\"isSelectedEnd\">Grupo Casanis n\u2019autorise pas les mineurs de moins de 14 ans \u00e0 fournir leurs donn\u00e9es personnelles par les moyens mis \u00e0 disposition sur ce site web (notamment en remplissant des formulaires en ligne pour demander des services ou nous contacter, ou en envoyant des e-mails).<\/p>\n<p class=\"isSelectedEnd\">Par cons\u00e9quent, toute personne fournissant des donn\u00e9es personnelles par ces moyens d\u00e9clare formellement \u00eatre \u00e2g\u00e9e de plus de 14 ans, Grupo Casanis \u00e9tant d\u00e9gag\u00e9 de toute responsabilit\u00e9 en cas de non-respect de cette condition.<\/p>\n<p class=\"isSelectedEnd\">Si votre enfant, \u00e2g\u00e9 de moins de la limite d\u2019\u00e2ge \u00e9tablie, a fourni des informations personnelles \u00e0 Grupo Casanis, veuillez nous contacter afin de pouvoir demander l\u2019exercice des droits applicables.<\/p>\n<p>Lorsque les services propos\u00e9s par Grupo Casanis sont destin\u00e9s \u00e0 des mineurs de moins de 14 ans, les moyens n\u00e9cessaires seront mis en place afin de recueillir l\u2019autorisation des parents ou des repr\u00e9sentants l\u00e9gaux du mineur.<\/p>\n\n                    <\/div>\n                            <\/div>\n                    \n            \n            <div class=\"flex flex-col gap-4\">\n                                    <h2 class=\"font-caslon text-azul text-2xl sm:text-3xl xl:text-4xl tracking-wide\">\n                        7. Exercice des droits en mati\u00e8re de protection des donn\u00e9es\n                    <\/h2>\n                \n                                    \n                    <div\n                        class=\"prose prose-sm max-w-none overflow-x-auto text-azul font-sans leading-loose\n                               prose-headings:font-caslon prose-headings:text-azul\n                               prose-strong:text-current prose-a:text-azul\">\n                        <p>Comment exercer ces droits ?<\/p>\n<p>Les utilisateurs peuvent adresser leur demande au si\u00e8ge social de Grupo Casanis ou par e-mail \u00e0 l&rsquo;adresse <a href=\"mailto:dpo@casanisgroup.eu\">dpo@casanisgroup.eu<\/a>, en joignant dans les deux cas une copie de leur pi\u00e8ce nationale d&rsquo;identit\u00e9 (DNI) ou de tout autre document officiel \u00e9quivalent, afin d&rsquo;exercer les droits suivants :<\/p>\n<ul>\n<li><strong>Droit d&rsquo;acc\u00e8s :<\/strong> vous pouvez demander \u00e0 Grupo Casanis si nous traitons vos donn\u00e9es personnelles.<\/li>\n<li><strong>Droit de rectification :<\/strong> vous pouvez demander la rectification de vos donn\u00e9es si elles sont inexactes, ou exercer votre droit \u00e0 l&rsquo;effacement (\u00ab droit \u00e0 l&rsquo;oubli \u00bb).<\/li>\n<li><strong>Droit \u00e0 la limitation du traitement :<\/strong> dans ce cas, Grupo Casanis conservera uniquement vos donn\u00e9es afin d&rsquo;exercer ou de d\u00e9fendre d&rsquo;\u00e9ventuelles r\u00e9clamations.<\/li>\n<li><strong>Droit d&rsquo;opposition :<\/strong> Grupo Casanis cessera de traiter vos donn\u00e9es personnelles selon les modalit\u00e9s que vous indiquerez, sauf si le traitement doit \u00eatre poursuivi pour des motifs l\u00e9gitimes imp\u00e9rieux ou pour l&rsquo;exercice ou la d\u00e9fense de droits en justice.<\/li>\n<li><strong>Droit \u00e0 la portabilit\u00e9 des donn\u00e9es :<\/strong> si vous souhaitez que vos donn\u00e9es soient trait\u00e9es par une autre organisation, Grupo Casanis facilitera leur transfert vers le nouveau responsable du traitement.<\/li>\n<\/ul>\n<p>Vous pouvez utiliser les formulaires mis \u00e0 disposition par l&rsquo;Agence espagnole de protection des donn\u00e9es (AEPD) pour exercer les droits mentionn\u00e9s ci-dessus : Ici.<\/p>\n<p><strong>R\u00e9clamation aupr\u00e8s du DPO \/ de l&rsquo;AEPD :<\/strong> Si vous estimez qu&rsquo;il existe un probl\u00e8me dans la mani\u00e8re dont Grupo Casanis traite vos donn\u00e9es, vous pouvez adresser votre r\u00e9clamation dans un premier temps au D\u00e9l\u00e9gu\u00e9 \u00e0 la Protection des Donn\u00e9es, qui interviendra afin de rechercher une r\u00e9solution appropri\u00e9e du litige.<\/p>\n<p>E-mail du DPO : <a href=\"mailto:dpo@casanisgroup.eu\">dpo@casanisgroup.eu<\/a><br \/>\nAdresse : Avenida Ricardo Soriano 36, Edificio Mar\u00eda III, 1er \u00e9tage, Porte 103, 29601 Marbella, M\u00e1laga.<\/p>\n<p>S&rsquo;il n&rsquo;est pas possible de r\u00e9soudre le litige, vous pouvez toujours introduire une r\u00e9clamation aupr\u00e8s de l&rsquo;autorit\u00e9 de contr\u00f4le comp\u00e9tente. En Espagne, il s&rsquo;agit de l&rsquo;Agence espagnole de protection des donn\u00e9es (Agencia Espa\u00f1ola de Protecci\u00f3n de Datos \u2013 AEPD).<\/p>\n<p>Nous pourrons vous demander des informations compl\u00e9mentaires afin de confirmer votre identit\u00e9 et de garantir votre droit d&rsquo;acc\u00e8s \u00e0 vos donn\u00e9es personnelles (ou l&rsquo;exercice de tout autre droit mentionn\u00e9 ci-dessus). Il s&rsquo;agit d&rsquo;une mesure de s\u00e9curit\u00e9 visant \u00e0 emp\u00eacher que des donn\u00e9es personnelles ne soient communiqu\u00e9es \u00e0 une personne non autoris\u00e9e.<\/p>\n<p>Nous r\u00e9pondrons \u00e0 toutes les demandes dans le d\u00e9lai l\u00e9gal d&rsquo;un mois. Toutefois, si votre demande est particuli\u00e8rement complexe, ce d\u00e9lai pourra \u00eatre prolong\u00e9 au-del\u00e0 d&rsquo;un mois. Dans ce cas, nous vous en informerons et vous tiendrons r\u00e9guli\u00e8rement inform\u00e9 de son traitement.<\/p>\n\n                    <\/div>\n                            <\/div>\n                    \n            \n            <div class=\"flex flex-col gap-4\">\n                                    <h2 class=\"font-caslon text-azul text-2xl sm:text-3xl xl:text-4xl tracking-wide\">\n                        8. Communication des donn\u00e9es : prestation de services\n                    <\/h2>\n                \n                                    \n                    <div\n                        class=\"prose prose-sm max-w-none overflow-x-auto text-azul font-sans leading-loose\n                               prose-headings:font-caslon prose-headings:text-azul\n                               prose-strong:text-current prose-a:text-azul\">\n                        <p>Dans le cadre de notre activit\u00e9, nous pouvons avoir besoin de faire appel \u00e0 des tiers qui traiteront vos donn\u00e9es uniquement afin de fournir le service souscrit, et avec lesquels nous avons mis en place les garanties appropri\u00e9es afin de prot\u00e9ger vos droits :<\/p>\n<ul>\n<li>Prestataires de services fournissant des services d\u2019administration des syst\u00e8mes et de technologies de l\u2019information.<\/li>\n<li>Conseillers professionnels, notamment des avocats, auditeurs et assureurs, fournissant des services de conseil bancaire, juridique, assurantiel et comptable.<\/li>\n<li>Tous les sous-traitants auxquels nous transf\u00e9rons vos donn\u00e9es respecteront la s\u00e9curit\u00e9 de vos donn\u00e9es personnelles et les traiteront conform\u00e9ment au RGPD.<\/li>\n<\/ul>\n<p>Nous n\u2019autorisons ces sous-traitants \u00e0 traiter vos donn\u00e9es qu\u2019\u00e0 des fins d\u00e9termin\u00e9es et conform\u00e9ment \u00e0 nos instructions. Toutefois, dans un souci de transparence, vous pouvez nous demander la liste des entreprises qui nous fournissent ces services en \u00e9crivant \u00e0 l\u2019adresse suivante : <a href=\"mailto:dpo@casanisgroup.eu\">dpo@casanisgroup.eu<\/a><\/p>\n\n                    <\/div>\n                            <\/div>\n                    \n            \n            <div class=\"flex flex-col gap-4\">\n                                    <h2 class=\"font-caslon text-azul text-2xl sm:text-3xl xl:text-4xl tracking-wide\">\n                        9. S\u00e9curit\u00e9 des donn\u00e9es\n                    <\/h2>\n                \n                                    \n                    <div\n                        class=\"prose prose-sm max-w-none overflow-x-auto text-azul font-sans leading-loose\n                               prose-headings:font-caslon prose-headings:text-azul\n                               prose-strong:text-current prose-a:text-azul\">\n                        <p class=\"isSelectedEnd\">Nous avons mis en place des mesures de s\u00e9curit\u00e9 appropri\u00e9es afin d\u2019\u00e9viter que vos donn\u00e9es personnelles ne soient accidentellement perdues, utilis\u00e9es ou consult\u00e9es sans autorisation, modifi\u00e9es ou divulgu\u00e9es.<\/p>\n<p class=\"isSelectedEnd\">En outre, nous limitons l\u2019acc\u00e8s \u00e0 vos donn\u00e9es personnelles aux employ\u00e9s, agents, prestataires et autres tiers qui ont un besoin professionnel l\u00e9gitime d\u2019en prendre connaissance. Ils ne traiteront vos donn\u00e9es personnelles que conform\u00e9ment \u00e0 nos instructions et seront soumis \u00e0 une obligation de confidentialit\u00e9.<\/p>\n<p>Nous avons mis en place des proc\u00e9dures afin de g\u00e9rer toute suspicion de violation de donn\u00e9es personnelles et, en cas de violation de s\u00e9curit\u00e9, nous vous en informerons ainsi que l\u2019Autorit\u00e9 de contr\u00f4le comp\u00e9tente, conform\u00e9ment aux articles 33 et 34 du RGPD.<\/p>\n\n                    <\/div>\n                            <\/div>\n                    \n            \n            <div class=\"flex flex-col gap-4\">\n                                    <h2 class=\"font-caslon text-azul text-2xl sm:text-3xl xl:text-4xl tracking-wide\">\n                        ANNEXE I\n                    <\/h2>\n                \n                                    \n                    <div\n                        class=\"prose prose-sm max-w-none overflow-x-auto text-azul font-sans leading-loose\n                               prose-headings:font-caslon prose-headings:text-azul\n                               prose-strong:text-current prose-a:text-azul\">\n                        <p class=\"isSelectedEnd\"><strong>CASABUBU S.L.<\/strong> CIF : B-92486695, immatricul\u00e9e au Registre du Commerce de M\u00e1laga le 26 janvier 2004, Volume 3447, Livre 2359, Folio 86, Feuille MA-67288, Inscription 1.<\/p>\n<p class=\"isSelectedEnd\"><strong>RESTOPLAGE MARBELLA S.L.<\/strong> CIF : B-93433365, immatricul\u00e9e au Registre du Commerce de M\u00e1laga le 18 f\u00e9vrier 2019, Volume 5446, Livre 4353, Folio 176, Feuille MA-130582, Inscription 6.<\/p>\n<p class=\"isSelectedEnd\"><strong>MZL Holding, S.L.<\/strong> CIF : B-93686194, immatricul\u00e9e au Registre du Commerce de M\u00e1laga le 14 mai 2019, Volume 5838, Livre 4745, Folio 62, Section 8, Feuille MA150728, Inscription A 1.<\/p>\n<p class=\"isSelectedEnd\"><strong>BBCG MARBELLA S.L.<\/strong> CIF : B-93715852, immatricul\u00e9e au Registre du Commerce de M\u00e1laga, Volume 5894, Livre 4801, Folio 166, Section 8, Feuille MA153327, Inscription I\/A 1.<\/p>\n<p><strong>MYCO MILANO, S.L.U.<\/strong> CIF : B-09674326, immatricul\u00e9e au Registre du Commerce de M\u00e1laga le 10 f\u00e9vrier 2022, Volume 6127, Livre 5034, Folio 58, Section 8, Feuille MA165398, Inscription A 1.<\/p>\n\n                    <\/div>\n                            <\/div>\n            <\/section>\n","protected":false},"excerpt":{"rendered":"","protected":false},"author":1,"featured_media":0,"parent":0,"menu_order":0,"comment_status":"closed","ping_status":"closed","template":"","meta":{"_acf_changed":false,"inline_featured_image":false,"footnotes":""},"class_list":["post-717","page","type-page","status-publish","hentry"],"acf":[],"_links":{"self":[{"href":"https:\/\/notablu.com\/fr\/wp-json\/wp\/v2\/pages\/717","targetHints":{"allow":["GET"]}}],"collection":[{"href":"https:\/\/notablu.com\/fr\/wp-json\/wp\/v2\/pages"}],"about":[{"href":"https:\/\/notablu.com\/fr\/wp-json\/wp\/v2\/types\/page"}],"author":[{"embeddable":true,"href":"https:\/\/notablu.com\/fr\/wp-json\/wp\/v2\/users\/1"}],"replies":[{"embeddable":true,"href":"https:\/\/notablu.com\/fr\/wp-json\/wp\/v2\/comments?post=717"}],"version-history":[{"count":1,"href":"https:\/\/notablu.com\/fr\/wp-json\/wp\/v2\/pages\/717\/revisions"}],"predecessor-version":[{"id":719,"href":"https:\/\/notablu.com\/fr\/wp-json\/wp\/v2\/pages\/717\/revisions\/719"}],"wp:attachment":[{"href":"https:\/\/notablu.com\/fr\/wp-json\/wp\/v2\/media?parent=717"}],"curies":[{"name":"wp","href":"https:\/\/api.w.org\/{rel}","templated":true}]}}